{"id":2659,"date":"2025-12-15T00:05:13","date_gmt":"2025-12-14T23:05:13","guid":{"rendered":"https:\/\/fetean.org\/agenda\/politicamente-incorrecto-kilkarrak-1f\/"},"modified":"2025-12-15T00:05:13","modified_gmt":"2025-12-14T23:05:13","slug":"politicamente-incorrecto-kilkarrak-1f","status":"publish","type":"agenda","link":"https:\/\/fetean.org\/eu\/agenda\/politicamente-incorrecto-kilkarrak-1f\/","title":{"rendered":"Pol\u00edticamente incorrecto \u2013 Kilkarrak"},"excerpt":{"rendered":"<p>Suele decirse que la pol\u00edtica hace extra\u00f1os compa\u00f1eros de cama, pero algunos pretenden interpretar la expresi\u00f3n literalmente. Aprovechando una importante cita parlamentaria, un miembro del gobierno ha planeado otra cita con una diputada de la oposici\u00f3n, pero las circunstancias no juegan a su favor. Una camarera metomentodo, un marido celoso y dem\u00e1s personajes que pueblan esta comedia se encargar\u00e1n de interrumpir ese idilio amoroso.<\/p>","protected":false},"featured_media":1803,"template":"","entidad":[],"lugar":[124],"programa":[44],"class_list":["post-2659","agenda","type-agenda","status-publish","has-post-thumbnail","hentry","lugar-centro-cultural-pablo-neruda","programa-propias-grupo"],"acf":[],"jetpack_sharing_enabled":true,"_links":{"self":[{"href":"https:\/\/fetean.org\/eu\/wp-json\/wp\/v2\/agenda\/2659","targetHints":{"allow":["GET"]}}],"collection":[{"href":"https:\/\/fetean.org\/eu\/wp-json\/wp\/v2\/agenda"}],"about":[{"href":"https:\/\/fetean.org\/eu\/wp-json\/wp\/v2\/types\/agenda"}],"wp:featuredmedia":[{"embeddable":true,"href":"https:\/\/fetean.org\/eu\/wp-json\/wp\/v2\/media\/1803"}],"wp:attachment":[{"href":"https:\/\/fetean.org\/eu\/wp-json\/wp\/v2\/media?parent=2659"}],"wp:term":[{"taxonomy":"entidad","embeddable":true,"href":"https:\/\/fetean.org\/eu\/wp-json\/wp\/v2\/entidad?post=2659"},{"taxonomy":"lugar","embeddable":true,"href":"https:\/\/fetean.org\/eu\/wp-json\/wp\/v2\/lugar?post=2659"},{"taxonomy":"programa","embeddable":true,"href":"https:\/\/fetean.org\/eu\/wp-json\/wp\/v2\/programa?post=2659"}],"curies":[{"name":"wp","href":"https:\/\/api.w.org\/{rel}","templated":true}]}}